{"id":36844,"date":"2024-09-12T06:00:48","date_gmt":"2024-09-12T04:00:48","guid":{"rendered":"https:\/\/ribes.design\/?post_type=portfolio&#038;p=36844"},"modified":"2025-12-02T14:28:22","modified_gmt":"2025-12-02T13:28:22","slug":"velo","status":"publish","type":"portfolio","link":"https:\/\/ribes.design\/en\/realisations\/velo\/","title":{"rendered":"v\u00e9lo"},"content":{"rendered":"\t\t<div data-elementor-type=\"wp-post\" data-elementor-id=\"36844\" class=\"elementor elementor-36844\" data-elementor-post-type=\"portfolio\">\n\t\t\t\t\t\t<section class=\"has_eae_slider elementor-section elementor-top-section elementor-element elementor-element-33f0ce05 elementor-section-boxed elementor-section-height-default elementor-section-height-default elementor-invisible\" data-eae-slider=\"78689\" data-id=\"33f0ce05\" data-element_type=\"section\" data-settings=\"{&quot;animation&quot;:&quot;fadeIn&quot;}\">\n\t\t\t\t\t\t<div class=\"elementor-container elementor-column-gap-no\">\n\t\t\t\t\t<div class=\"has_eae_slider elementor-column elementor-col-100 elementor-top-column elementor-element elementor-element-c061d0e\" data-eae-slider=\"76432\" data-id=\"c061d0e\" data-element_type=\"column\">\n\t\t\t<div class=\"elementor-widget-wrap elementor-element-populated\">\n\t\t\t\t\t\t<div class=\"elementor-element elementor-element-4ba25b3d elementor-widget elementor-widget-pth-elementor-project-description\" data-id=\"4ba25b3d\" data-element_type=\"widget\" data-widget_type=\"pth-elementor-project-description.default\">\n\t\t\t\t<div class=\"elementor-widget-container\">\n\t\t\t\t\t<div class=\"pth-project-info aligncenter\"><div class=\"pth-project-info__description\"><p>Pour cet hommage \u00e0 la <em>bicyclette<\/em>, notre agence a r\u00e9alis\u00e9 la mise en page, le photolitho, la retouche d\u2019image et la gestion du projet. Ce livre richement illustr\u00e9 c\u00e9l\u00e8bre l\u2019histoire du <em><strong>v\u00e9lo<\/strong><\/em> et de ses pi\u00e8ces d\u00e9tach\u00e9es, alliant design graphique et narration visuelle. Avec une approche \u00e9pur\u00e9e et nostalgique, nous avons sublim\u00e9 chaque \u00e9l\u00e9ment, des chromes brillants aux modestes rustines, pour offrir une \u0153uvre visuelle coh\u00e9rente et po\u00e9tique. Ce projet refl\u00e8te notre expertise en design \u00e9ditorial, o\u00f9 le graphisme enrichit et magnifie le contenu. <em><strong>v\u00e9lo<\/strong>, \u00c9quilibres en mouvement<\/em>, un ouvrage de <em>304 pages<\/em> au format <em>22.5 x 28 cm<\/em>, t\u00e9moigne de notre capacit\u00e9 \u00e0 cr\u00e9er des contenus \u00e9ditoriaux impactants et esth\u00e9tiques.<\/p>\n<\/div><div class=\"pth-project-info__meta\"><div class=\"pth-project-info__meta-group\"><h6 class=\"pth-project-info__meta-label\">Date<\/h6><h3 class=\"pth-project-info__meta-value\">2024<\/h3><\/div><div class=\"pth-project-info__meta-group\"><h6 class=\"pth-project-info__meta-label\">Client<\/h6><h3 class=\"pth-project-info__meta-value\">Mus\u00e9um Gen\u00e8ve<\/h3><\/div><div class=\"pth-project-info__meta-group\"><h6 class=\"pth-project-info__meta-label\">R\u00f4le<\/h6><h3 class=\"pth-project-info__meta-value\">Graphisme<\/h3><\/div><div class=\"pth-project-info__meta-group pth-project-info__link\"><h6 class=\"pth-project-info__meta-label\">Visit<\/h6><a class=\"pth-creative-button pth-project-info__meta-value\" href=\"https:\/\/ribes.design\/collection\/velo-equilibres-en-mouvement\/\" target=\"_blank\">Acheter le livre<\/a><\/div><\/div><\/div>\t\t\t\t<\/div>\n\t\t\t\t<\/div>\n\t\t\t\t\t<\/div>\n\t\t<\/div>\n\t\t\t\t\t<\/div>\n\t\t<\/section>\n\t\t\t\t<section class=\"has_eae_slider elementor-section elementor-top-section elementor-element elementor-element-1227cd9b elementor-section-full_width elementor-section-stretched elementor-section-height-default elementor-section-height-default\" data-eae-slider=\"23320\" data-id=\"1227cd9b\" data-element_type=\"section\" data-settings=\"{&quot;stretch_section&quot;:&quot;section-stretched&quot;,&quot;background_background&quot;:&quot;classic&quot;}\">\n\t\t\t\t\t\t<div class=\"elementor-container elementor-column-gap-no\">\n\t\t\t\t\t<div class=\"has_eae_slider elementor-column elementor-col-100 elementor-top-column elementor-element elementor-element-32d6061b\" data-eae-slider=\"23588\" data-id=\"32d6061b\" data-element_type=\"column\">\n\t\t\t<div class=\"elementor-widget-wrap elementor-element-populated\">\n\t\t\t\t\t\t<div class=\"elementor-element elementor-element-1eb8e6c elementor-widget elementor-widget-pth-elementor-image-gallery\" data-id=\"1eb8e6c\" data-element_type=\"widget\" data-widget_type=\"pth-elementor-image-gallery.default\">\n\t\t\t\t<div class=\"elementor-widget-container\">\n\t\t\t\t\t\n\t\t\t<div class=\"pth-img-gallery pth-img-gallery--2col\">\n\t\t\t\t<div class=\"pth-img-gallery__inner\">\n\t\t\t\t\t<div class=\"pth-img-gallery__list\">\n\n\t\t\t\t\t\t\t\t\t\t\t\t\t\n\t\t\t\t\t\t\t\t<div class=\"pth-img-gallery__item\" data-scroll>\n\t\t\t\t\t\t\t\t\t<div class=\"pth-img-gallery__item-inner\">\n\t\t\t\t\t\t\t\t\t\t\t\t\t\t\t\t\t\t\t\t\t<img loading=\"lazy\" decoding=\"async\" width=\"1366\" height=\"910\" src=\"https:\/\/ribes.design\/wp-content\/uploads\/2024\/09\/interieur-2.jpg\" class=\"attachment-pth-xlarge size-pth-xlarge\" alt=\"Cr\u00e9dits photos : Ribes Design\" sizes=\"auto, (min-width: 1666px) 1000px, (min-width: 1100px) 60vw, (min-width: 783px) 70vw, 84vw\" loading=\"lazy\" srcset=\"https:\/\/ribes.design\/wp-content\/uploads\/2024\/09\/interieur-2.jpg 1920w, https:\/\/ribes.design\/wp-content\/uploads\/2024\/09\/interieur-2-1024x682.jpg 1024w\" \/>\t\t\t\t\t\t\t\t\t\t\t\t\t\t\t\t\t\t\t<\/div>\n\t\t\t\t\t\t\t\t<\/div>\n\n\t\t\t\t\t\t\t\t\t\t\t\t\t\t\t\t\t\t\t\t\n\t\t\t\t\t\t\t\t<div class=\"pth-img-gallery__item\" data-scroll>\n\t\t\t\t\t\t\t\t\t<div class=\"pth-img-gallery__item-inner\">\n\t\t\t\t\t\t\t\t\t\t\t\t\t\t\t\t\t\t\t\t\t<img loading=\"lazy\" decoding=\"async\" width=\"1366\" height=\"911\" src=\"https:\/\/ribes.design\/wp-content\/uploads\/2024\/09\/Cover-v2.jpg\" class=\"attachment-pth-xlarge size-pth-xlarge\" alt=\"Cr\u00e9dits photos : Ribes Design\" sizes=\"auto, (min-width: 1666px) 1000px, (min-width: 1100px) 60vw, (min-width: 783px) 70vw, 84vw\" loading=\"lazy\" srcset=\"https:\/\/ribes.design\/wp-content\/uploads\/2024\/09\/Cover-v2.jpg 1920w, https:\/\/ribes.design\/wp-content\/uploads\/2024\/09\/Cover-v2-1024x683.jpg 1024w\" \/>\t\t\t\t\t\t\t\t\t\t\t\t\t\t\t\t\t\t\t<\/div>\n\t\t\t\t\t\t\t\t<\/div>\n\n\t\t\t\t\t\t\t\t\t\t\t\t\t\t\t\t\t\t\t\t\n\t\t\t\t\t\t\t\t<div class=\"pth-img-gallery__item\" data-scroll>\n\t\t\t\t\t\t\t\t\t<div class=\"pth-img-gallery__item-inner\">\n\t\t\t\t\t\t\t\t\t\t\t\t\t\t\t\t\t\t\t\t\t<img loading=\"lazy\" decoding=\"async\" width=\"1366\" height=\"911\" src=\"https:\/\/ribes.design\/wp-content\/uploads\/2024\/09\/interieur-1.jpg\" class=\"attachment-pth-xlarge size-pth-xlarge\" alt=\"Cr\u00e9dits photos : Ribes Design\" sizes=\"auto, (min-width: 1666px) 1000px, (min-width: 1100px) 60vw, (min-width: 783px) 70vw, 84vw\" loading=\"lazy\" srcset=\"https:\/\/ribes.design\/wp-content\/uploads\/2024\/09\/interieur-1.jpg 1920w, https:\/\/ribes.design\/wp-content\/uploads\/2024\/09\/interieur-1-1024x683.jpg 1024w\" \/>\t\t\t\t\t\t\t\t\t\t\t\t\t\t\t\t\t\t\t<\/div>\n\t\t\t\t\t\t\t\t<\/div>\n\n\t\t\t\t\t\t\t\t\t\t\t\t\t\n\t\t\t\t\t<\/div>\n\t\t\t\t<\/div>\n\t\t\t<\/div>\n\n\t\t\t\t\t\t<\/div>\n\t\t\t\t<\/div>\n\t\t\t\t\t<\/div>\n\t\t<\/div>\n\t\t\t\t\t<\/div>\n\t\t<\/section>\n\t\t\t\t<section class=\"has_eae_slider elementor-section elementor-top-section elementor-element elementor-element-7f79778 elementor-section-boxed elementor-section-height-default elementor-section-height-default\" data-eae-slider=\"39506\" data-id=\"7f79778\" data-element_type=\"section\">\n\t\t\t\t\t\t<div class=\"elementor-container elementor-column-gap-no\">\n\t\t\t\t\t<div class=\"has_eae_slider elementor-column elementor-col-100 elementor-top-column elementor-element elementor-element-ab0b90f\" data-eae-slider=\"48791\" data-id=\"ab0b90f\" data-element_type=\"column\">\n\t\t\t<div class=\"elementor-widget-wrap elementor-element-populated\">\n\t\t\t\t\t\t<div class=\"elementor-element elementor-element-6bf81d2 elementor-hidden-tablet elementor-hidden-phone elementor-widget elementor-widget-pth-elementor-section-headline\" data-id=\"6bf81d2\" data-element_type=\"widget\" data-widget_type=\"pth-elementor-section-headline.default\">\n\t\t\t\t<div class=\"elementor-widget-container\">\n\t\t\t\t\t\n\t\t\t<div class=\"pth-headline pth-headline--creative pth-headline--center\" style=\"\">\n\n\t\t\t\t\n\t\t\t\t\t\t\t\t\t<h2 data-bottom-top=\"transform: translate3d(0,-5%,0);\" data-top-bottom=\"transform: translate3d(0,50%,0);\">v\u00e9lo<\/h2>\n\t\t\t\t\n\t\t\t\t\n\t\t\t<\/div>\n\n\t\t\t\t\t\t<\/div>\n\t\t\t\t<\/div>\n\t\t\t\t<div class=\"elementor-element elementor-element-84fcdaf elementor-invisible elementor-widget elementor-widget-heading\" data-id=\"84fcdaf\" data-element_type=\"widget\" data-settings=\"{&quot;_animation&quot;:&quot;fadeIn&quot;}\" data-widget_type=\"heading.default\">\n\t\t\t\t<div class=\"elementor-widget-container\">\n\t\t\t\t\t<p class=\"elementor-heading-title elementor-size-default\">\u201cUn ouvrage pour revivre des souvenirs d\u2019enfance et s\u2019\u00e9merveiller de l\u2019inventivit\u00e9 humaine.\u201d<\/p>\t\t\t\t<\/div>\n\t\t\t\t<\/div>\n\t\t\t\t\t<\/div>\n\t\t<\/div>\n\t\t\t\t\t<\/div>\n\t\t<\/section>\n\t\t\t\t<section class=\"has_eae_slider elementor-section elementor-top-section elementor-element elementor-element-147ce6c elementor-section-full_width elementor-section-stretched elementor-section-height-default elementor-section-height-default\" data-eae-slider=\"74432\" data-id=\"147ce6c\" data-element_type=\"section\" data-settings=\"{&quot;stretch_section&quot;:&quot;section-stretched&quot;,&quot;background_background&quot;:&quot;classic&quot;}\">\n\t\t\t\t\t\t<div class=\"elementor-container elementor-column-gap-no\">\n\t\t\t\t\t<div class=\"has_eae_slider elementor-column elementor-col-100 elementor-top-column elementor-element elementor-element-a830a44\" data-eae-slider=\"99012\" data-id=\"a830a44\" data-element_type=\"column\">\n\t\t\t<div class=\"elementor-widget-wrap elementor-element-populated\">\n\t\t\t\t\t\t<div class=\"elementor-element elementor-element-9546967 elementor-widget elementor-widget-pth-elementor-image-gallery\" data-id=\"9546967\" data-element_type=\"widget\" data-widget_type=\"pth-elementor-image-gallery.default\">\n\t\t\t\t<div class=\"elementor-widget-container\">\n\t\t\t\t\t\n\t\t\t<div class=\"pth-img-gallery pth-img-gallery--2col\">\n\t\t\t\t<div class=\"pth-img-gallery__inner\">\n\t\t\t\t\t<div class=\"pth-img-gallery__list\">\n\n\t\t\t\t\t\t\t\t\t\t\t\t\t\n\t\t\t\t\t\t\t\t<div class=\"pth-img-gallery__item\" data-scroll>\n\t\t\t\t\t\t\t\t\t<div class=\"pth-img-gallery__item-inner\">\n\t\t\t\t\t\t\t\t\t\t\t\t\t\t\t\t\t\t\t\t\t<img loading=\"lazy\" decoding=\"async\" width=\"1366\" height=\"1025\" src=\"https:\/\/ribes.design\/wp-content\/uploads\/2025\/12\/ELSIG-000-01-1366x1025.jpg\" class=\"attachment-pth-xlarge size-pth-xlarge\" alt=\"Photo par Andr\u00e9 Longchamp et Philippe Wagneur\" sizes=\"auto, (min-width: 1666px) 1000px, (min-width: 1100px) 60vw, (min-width: 783px) 70vw, 84vw\" loading=\"lazy\" srcset=\"https:\/\/ribes.design\/wp-content\/uploads\/2025\/12\/ELSIG-000-01-1366x1025.jpg 1366w, https:\/\/ribes.design\/wp-content\/uploads\/2025\/12\/ELSIG-000-01-480x360.jpg 480w, https:\/\/ribes.design\/wp-content\/uploads\/2025\/12\/ELSIG-000-01-1024x768.jpg 1024w, https:\/\/ribes.design\/wp-content\/uploads\/2025\/12\/ELSIG-000-01-768x576.jpg 768w, https:\/\/ribes.design\/wp-content\/uploads\/2025\/12\/ELSIG-000-01.jpg 1512w\" \/>\t\t\t\t\t\t\t\t\t\t\t\t\t\t\t\t\t\t\t<\/div>\n\t\t\t\t\t\t\t\t<\/div>\n\n\t\t\t\t\t\t\t\t\t\t\t\t\t\t\t\t\t\t\t\t\n\t\t\t\t\t\t\t\t<div class=\"pth-img-gallery__item\" data-scroll>\n\t\t\t\t\t\t\t\t\t<div class=\"pth-img-gallery__item-inner\">\n\t\t\t\t\t\t\t\t\t\t\t\t\t\t\t\t\t\t\t\t\t<img loading=\"lazy\" decoding=\"async\" width=\"1366\" height=\"1004\" src=\"https:\/\/ribes.design\/wp-content\/uploads\/2025\/12\/GIRARD-000-01-1366x1004.jpg\" class=\"attachment-pth-xlarge size-pth-xlarge\" alt=\"Photo par Andr\u00e9 Longchamp et Philippe Wagneur\" sizes=\"auto, (min-width: 1666px) 1000px, (min-width: 1100px) 60vw, (min-width: 783px) 70vw, 84vw\" loading=\"lazy\" srcset=\"https:\/\/ribes.design\/wp-content\/uploads\/2025\/12\/GIRARD-000-01-1366x1004.jpg 1366w, https:\/\/ribes.design\/wp-content\/uploads\/2025\/12\/GIRARD-000-01-480x353.jpg 480w, https:\/\/ribes.design\/wp-content\/uploads\/2025\/12\/GIRARD-000-01-1024x753.jpg 1024w, https:\/\/ribes.design\/wp-content\/uploads\/2025\/12\/GIRARD-000-01-768x565.jpg 768w, https:\/\/ribes.design\/wp-content\/uploads\/2025\/12\/GIRARD-000-01.jpg 1417w\" \/>\t\t\t\t\t\t\t\t\t\t\t\t\t\t\t\t\t\t\t<\/div>\n\t\t\t\t\t\t\t\t<\/div>\n\n\t\t\t\t\t\t\t\t\t\t\t\t\t\t\t\t\t\t\t\t\n\t\t\t\t\t\t\t\t<div class=\"pth-img-gallery__item\" data-scroll>\n\t\t\t\t\t\t\t\t\t<div class=\"pth-img-gallery__item-inner\">\n\t\t\t\t\t\t\t\t\t\t\t\t\t\t\t\t\t\t\t\t\t<img loading=\"lazy\" decoding=\"async\" width=\"1366\" height=\"1025\" src=\"https:\/\/ribes.design\/wp-content\/uploads\/2025\/12\/MAH-00-05-1366x1025.jpg\" class=\"attachment-pth-xlarge size-pth-xlarge\" alt=\"Photo par Andr\u00e9 Longchamp et Philippe Wagneur\" sizes=\"auto, (min-width: 1666px) 1000px, (min-width: 1100px) 60vw, (min-width: 783px) 70vw, 84vw\" loading=\"lazy\" srcset=\"https:\/\/ribes.design\/wp-content\/uploads\/2025\/12\/MAH-00-05-1366x1025.jpg 1366w, https:\/\/ribes.design\/wp-content\/uploads\/2025\/12\/MAH-00-05-480x360.jpg 480w, https:\/\/ribes.design\/wp-content\/uploads\/2025\/12\/MAH-00-05-1024x768.jpg 1024w, https:\/\/ribes.design\/wp-content\/uploads\/2025\/12\/MAH-00-05-768x576.jpg 768w, https:\/\/ribes.design\/wp-content\/uploads\/2025\/12\/MAH-00-05.jpg 1512w\" \/>\t\t\t\t\t\t\t\t\t\t\t\t\t\t\t\t\t\t\t<\/div>\n\t\t\t\t\t\t\t\t<\/div>\n\n\t\t\t\t\t\t\t\t\t\t\t\t\t\n\t\t\t\t\t<\/div>\n\t\t\t\t<\/div>\n\t\t\t<\/div>\n\n\t\t\t\t\t\t<\/div>\n\t\t\t\t<\/div>\n\t\t\t\t\t<\/div>\n\t\t<\/div>\n\t\t\t\t\t<\/div>\n\t\t<\/section>\n\t\t<div class=\"has_eae_slider elementor-element elementor-element-cf1c35e e-flex e-con-boxed e-con e-parent\" data-eae-slider=\"61286\" data-id=\"cf1c35e\" data-element_type=\"container\">\n\t\t\t\t\t<div class=\"e-con-inner\">\n\t\t\t\t<div class=\"elementor-element elementor-element-6cd60b7 elementor-widget elementor-widget-text-editor\" data-id=\"6cd60b7\" data-element_type=\"widget\" data-widget_type=\"text-editor.default\">\n\t\t\t\t<div class=\"elementor-widget-container\">\n\t\t\t\t\t\t\t\t\t<div class=\"elementor-element elementor-element-611a19da elementor-widget elementor-widget-heading animated fadeIn\" data-id=\"611a19da\" data-element_type=\"widget\" data-settings=\"{\" data-widget_type=\"heading.default\"><div class=\"elementor-widget-container\"><p class=\"elementor-heading-title elementor-size-large\"><em><span style=\"color: #d50032;\"><strong>v\u00e9lo<\/strong><\/span>,\u00a0\u00c9quilibres en mouvement<\/em><\/p><\/div><\/div>\t\t\t\t\t\t\t\t<\/div>\n\t\t\t\t<\/div>\n\t\t\t\t<div class=\"elementor-element elementor-element-383c937 elementor-widget elementor-widget-text-editor\" data-id=\"383c937\" data-element_type=\"widget\" data-widget_type=\"text-editor.default\">\n\t\t\t\t<div class=\"elementor-widget-container\">\n\t\t\t\t\t\t\t\t\t<p>Comment rendre hommage non seulement \u00e0 la bicyclette mais aussi \u00e0 ses multiples pi\u00e8ces d\u00e9tach\u00e9es, entre brillantes roues chrom\u00e9es et modestes rustines coll\u00e9es sur le pneu ? Et comment donner une humanit\u00e9 \u00e0 ces mati\u00e8res souvent froides et m\u00e9talliques, ou parfois plastifi\u00e9es ? Pari difficile qui se r\u00e9v\u00e8le peut-\u00eatre envisageable si on \u00e9coute simplement ce qui se dit, des gens qui parlent non seulement de la f\u00e9minine bicyclette, mais aussi du masculin v\u00e9lo, ou encore du d\u00e9pr\u00e9ciatif clou ou de l\u2019affectueuse petite reine. Et que l\u2019on tende aussi l\u2019oreille vers d\u2019autres sonorit\u00e9s et d\u2019autres langues, et que l\u2019on essaie de raconter ces myst\u00e9rieux chevaux d\u2019acier ou diables roulants.<\/p><p>Par la richesse linguistique et par une r\u00e9jouissante diversit\u00e9, le v\u00e9lo en vient ainsi \u00e0 acqu\u00e9rir un suppl\u00e9ment d\u2019\u00e2me. Mais l\u2019exercice ne s\u2019arr\u00eate pas au seul concept de bicyclette : quelques c\u00e9l\u00e8bres marques de v\u00e9los sont ainsi mises en exergue. L\u00e0 aussi, il est question de mots, d\u2019affectif et de travail, ou en d\u2019autres termes de fragments d\u2019histoire, de g\u00e9ographie et de sociologie. Car ces quelques marques plus ou moins c\u00e9l\u00e8bres de v\u00e9los sont replac\u00e9es dans leur contexte, fait notamment de fabriques, de localit\u00e9s et d\u2019ouvriers.<\/p><p>Une d\u00e9marche similaire s\u2019applique aux pi\u00e8ces d\u00e9tach\u00e9es, qu\u2019il s\u2019agisse de valves de chambres \u00e0 air ou de dynamos. La recherche se limite volontairement \u00e0 la France et \u00e0 la Suisse romande et prend naturellement, vu la disparition de nombreux \u00e9tablissements industriels en Europe, quelques tonalit\u00e9s nostalgiques.<\/p>\t\t\t\t\t\t\t\t<\/div>\n\t\t\t\t<\/div>\n\t\t\t\t\t<\/div>\n\t\t\t\t<\/div>\n\t\t\t\t<section class=\"has_eae_slider elementor-section elementor-top-section elementor-element elementor-element-1708f65 elementor-section-stretched elementor-section-full_width elementor-section-height-default elementor-section-height-default\" data-eae-slider=\"71087\" data-id=\"1708f65\" data-element_type=\"section\" data-settings=\"{&quot;stretch_section&quot;:&quot;section-stretched&quot;}\">\n\t\t\t\t\t\t<div class=\"elementor-container elementor-column-gap-no\">\n\t\t\t\t\t<div class=\"has_eae_slider elementor-column elementor-col-100 elementor-top-column elementor-element elementor-element-6e49962\" data-eae-slider=\"15010\" data-id=\"6e49962\" data-element_type=\"column\">\n\t\t\t<div class=\"elementor-widget-wrap elementor-element-populated\">\n\t\t\t\t\t\t<div class=\"elementor-element elementor-element-6279b10 elementor-widget elementor-widget-pth-elementor-parallax-image\" data-id=\"6279b10\" data-element_type=\"widget\" data-widget_type=\"pth-elementor-parallax-image.default\">\n\t\t\t\t<div class=\"elementor-widget-container\">\n\t\t\t\t\t\n\t\t\t<div id=\"pth-69f46141e24f3-parallax-image\" class=\"pth-parallax-image\" style=\"height:70vh;\">\n\t\t\t\t<div class=\"pth-parallax-image__inner\" data-responsive-bg data-anchor-target=\"#pth-69f46141e24f3-parallax-image\" data-bottom-top=\"transform: translate3d(0,-8%,0)\" data-top-bottom=\"transform: translate3d(0,8%,0)\">\n\t\t\t\t\t<img loading=\"lazy\" decoding=\"async\" width=\"1920\" height=\"1079\" src=\"https:\/\/ribes.design\/wp-content\/uploads\/2024\/09\/LeVelo-1920x1080-02.jpg\" class=\"skip_lazy skip-lazy no-lazyload\" alt=\"\" sizes=\"auto, calc(100vw + 60px)\" loading=\"lazy\" srcset=\"https:\/\/ribes.design\/wp-content\/uploads\/2024\/09\/LeVelo-1920x1080-02.jpg 1920w, https:\/\/ribes.design\/wp-content\/uploads\/2024\/09\/LeVelo-1920x1080-02-1024x575.jpg 1024w\" \/>\t\t\t\t<\/div>\n\t\t\t<\/div>\n\n\t\t\t\t\t\t<\/div>\n\t\t\t\t<\/div>\n\t\t\t\t\t<\/div>\n\t\t<\/div>\n\t\t\t\t\t<\/div>\n\t\t<\/section>\n\t\t\t\t<\/div>\n\t\t","protected":false},"excerpt":{"rendered":"<p>Pour cet hommage \u00e0 la bicyclette, notre agence a r\u00e9alis\u00e9 la mise en page, le photolitho, la retouche d\u2019image et&hellip; <br \/><a class=\"more-link\" href=\"https:\/\/ribes.design\/en\/realisations\/velo\/\">Details &raquo;<\/a><\/p>\n","protected":false},"featured_media":36951,"menu_order":0,"template":"","meta":{"_pt_project_description":"Pour cet hommage \u00e0 la <em>bicyclette<\/em>, notre agence a r\u00e9alis\u00e9 la mise en page, le photolitho, la retouche d\u2019image et la gestion du projet. Ce livre richement illustr\u00e9 c\u00e9l\u00e8bre l\u2019histoire du <em><strong>v\u00e9lo<\/strong><\/em> et de ses pi\u00e8ces d\u00e9tach\u00e9es, alliant design graphique et narration visuelle. Avec une approche \u00e9pur\u00e9e et nostalgique, nous avons sublim\u00e9 chaque \u00e9l\u00e9ment, des chromes brillants aux modestes rustines, pour offrir une \u0153uvre visuelle coh\u00e9rente et po\u00e9tique. Ce projet refl\u00e8te notre expertise en design \u00e9ditorial, o\u00f9 le graphisme enrichit et magnifie le contenu. <em><strong>v\u00e9lo<\/strong>, \u00c9quilibres en mouvement<\/em>, un ouvrage de <em>304 pages<\/em> au format <em>22.5 x 28 cm<\/em>, t\u00e9moigne de notre capacit\u00e9 \u00e0 cr\u00e9er des contenus \u00e9ditoriaux impactants et esth\u00e9tiques.","_pt_centered_description":true,"_pt_show_tags":true,"_pt_project_meta_one_label":"Date","_pt_project_meta_one_value":"2024","_pt_project_meta_two_label":"Client","_pt_project_meta_two_value":"Mus\u00e9um Gen\u00e8ve","_pt_project_meta_three_label":"R\u00f4le","_pt_project_meta_three_value":"Graphisme","_pt_project_link_text":"Acheter le livre","_pt_project_link_url":"https:\/\/ribes.design\/collection\/velo-equilibres-en-mouvement\/"},"portfolio_cats":[54],"portfolio_tags":[],"class_list":["post-36844","portfolio","type-portfolio","status-publish","has-post-thumbnail","hentry","portfolio_cats-im","pth-projects__item"],"_links":{"self":[{"href":"https:\/\/ribes.design\/en\/wp-json\/wp\/v2\/portfolio\/36844","targetHints":{"allow":["GET"]}}],"collection":[{"href":"https:\/\/ribes.design\/en\/wp-json\/wp\/v2\/portfolio"}],"about":[{"href":"https:\/\/ribes.design\/en\/wp-json\/wp\/v2\/types\/portfolio"}],"version-history":[{"count":12,"href":"https:\/\/ribes.design\/en\/wp-json\/wp\/v2\/portfolio\/36844\/revisions"}],"predecessor-version":[{"id":51280,"href":"https:\/\/ribes.design\/en\/wp-json\/wp\/v2\/portfolio\/36844\/revisions\/51280"}],"wp:featuredmedia":[{"embeddable":true,"href":"https:\/\/ribes.design\/en\/wp-json\/wp\/v2\/media\/36951"}],"wp:attachment":[{"href":"https:\/\/ribes.design\/en\/wp-json\/wp\/v2\/media?parent=36844"}],"wp:term":[{"taxonomy":"portfolio_cats","embeddable":true,"href":"https:\/\/ribes.design\/en\/wp-json\/wp\/v2\/portfolio_cats?post=36844"},{"taxonomy":"portfolio_tags","embeddable":true,"href":"https:\/\/ribes.design\/en\/wp-json\/wp\/v2\/portfolio_tags?post=36844"}],"curies":[{"name":"wp","href":"https:\/\/api.w.org\/{rel}","templated":true}]}}